{"id":2239,"date":"2024-08-08T10:14:04","date_gmt":"2024-08-08T10:14:04","guid":{"rendered":"https:\/\/www.michelebalin.it\/?page_id=2239"},"modified":"2026-08-19T08:59:53","modified_gmt":"2026-08-19T08:59:53","slug":"lo-studio-di-registrazione","status":"publish","type":"page","link":"https:\/\/www.michelebalin.it\/en\/lo-studio-di-registrazione\/","title":{"rendered":"Lo studio"},"content":{"rendered":"<div data-elementor-type=\"wp-page\" data-elementor-id=\"2239\" class=\"elementor elementor-2239\">\n\t\t\t\t\t\t<section class=\"elementor-section elementor-top-section elementor-element elementor-element-17a4063f elementor-section-height-min-height ct-section-stretched elementor-section-boxed elementor-section-height-default elementor-section-items-middle\" data-id=\"17a4063f\" data-element_type=\"section\" data-e-type=\"section\" data-settings=\"{&quot;background_background&quot;:&quot;classic&quot;,&quot;shape_divider_bottom&quot;:&quot;arrow&quot;}\">\n\t\t\t\t\t\t\t<div class=\"elementor-background-overlay\"><\/div>\n\t\t\t\t\t\t<div class=\"elementor-shape elementor-shape-bottom\" aria-hidden=\"true\" data-negative=\"false\">\n\t\t\t<svg xmlns=\"http:\/\/www.w3.org\/2000\/svg\" viewbox=\"0 0 700 10\" preserveaspectratio=\"none\">\n\t<path class=\"elementor-shape-fill\" d=\"M350,10L340,0h20L350,10z\"\/>\n<\/svg>\t\t<\/div>\n\t\t\t\t\t<div class=\"elementor-container elementor-column-gap-no\">\n\t\t\t\t\t<div class=\"elementor-column elementor-col-100 elementor-top-column elementor-element elementor-element-17c8c54e\" data-id=\"17c8c54e\" data-element_type=\"column\" data-e-type=\"column\" data-settings=\"{&quot;background_background&quot;:&quot;classic&quot;}\">\n\t\t\t<div class=\"elementor-widget-wrap elementor-element-populated\">\n\t\t\t\t\t\t<div class=\"elementor-element elementor-element-601671f elementor-widget elementor-widget-heading\" data-id=\"601671f\" data-element_type=\"widget\" data-e-type=\"widget\" data-widget_type=\"heading.default\">\n\t\t\t\t<div class=\"elementor-widget-container\">\n\t\t\t\t\t<h1 class=\"elementor-heading-title elementor-size-default\">lo studio<\/h1>\t\t\t\t<\/div>\n\t\t\t\t<\/div>\n\t\t\t\t<section class=\"elementor-section elementor-inner-section elementor-element elementor-element-139da019 elementor-section-boxed elementor-section-height-default elementor-section-height-default\" data-id=\"139da019\" data-element_type=\"section\" data-e-type=\"section\">\n\t\t\t\t\t\t<div class=\"elementor-container elementor-column-gap-default\">\n\t\t\t\t\t<div class=\"elementor-column elementor-col-100 elementor-inner-column elementor-element elementor-element-36dbc6ad\" data-id=\"36dbc6ad\" data-element_type=\"column\" data-e-type=\"column\">\n\t\t\t<div class=\"elementor-widget-wrap\">\n\t\t\t\t\t\t\t<\/div>\n\t\t<\/div>\n\t\t\t\t\t<\/div>\n\t\t<\/section>\n\t\t\t\t\t<\/div>\n\t\t<\/div>\n\t\t\t\t\t<\/div>\n\t\t<\/section>\n\t\t<div class=\"elementor-element elementor-element-a48fe48 e-flex e-con-boxed e-con e-parent\" data-id=\"a48fe48\" data-element_type=\"container\" data-e-type=\"container\" data-settings=\"{&quot;background_background&quot;:&quot;classic&quot;}\">\n\t\t\t\t\t<div class=\"e-con-inner\">\n\t\t<div class=\"elementor-element elementor-element-0899cc0 e-con-full e-flex e-con e-child\" data-id=\"0899cc0\" data-element_type=\"container\" data-e-type=\"container\">\n\t\t\t\t<div class=\"elementor-element elementor-element-8a3b93e elementor-widget elementor-widget-shortcode\" data-id=\"8a3b93e\" data-element_type=\"widget\" data-e-type=\"widget\" data-widget_type=\"shortcode.default\">\n\t\t\t\t<div class=\"elementor-widget-container\">\n\t\t\t\t\t\t\t<div class=\"elementor-shortcode\"><span><span><a href=\"https:\/\/www.michelebalin.it\/en\/\">Home<\/a><\/span><\/span>\n<\/div>\n\t\t\t\t\t\t<\/div>\n\t\t\t\t<\/div>\n\t\t\t\t<\/div>\n\t\t\t\t\t<\/div>\n\t\t\t\t<\/div>\n\t\t<div class=\"elementor-element elementor-element-14db5a0 e-flex e-con-boxed e-con e-parent\" data-id=\"14db5a0\" data-element_type=\"container\" data-e-type=\"container\">\n\t\t\t\t\t<div class=\"e-con-inner\">\n\t\t\t\t<div class=\"elementor-element elementor-element-8187772 elementor-widget__width-initial elementor-widget elementor-widget-image\" data-id=\"8187772\" data-element_type=\"widget\" data-e-type=\"widget\" data-widget_type=\"image.default\">\n\t\t\t\t<div class=\"elementor-widget-container\">\n\t\t\t\t\t\t\t\t\t\t\t\t\t\t\t<img fetchpriority=\"high\" decoding=\"async\" width=\"1024\" height=\"768\" src=\"https:\/\/www.michelebalin.it\/wp-content\/uploads\/2026\/08\/D40668E0-0DED-4A1E-A1A0-B6F57DACA9BA-1024x768.jpeg\" class=\"attachment-large size-large wp-image-6929\" alt=\"Studio di registrazione\" srcset=\"https:\/\/www.michelebalin.it\/wp-content\/uploads\/2026\/08\/D40668E0-0DED-4A1E-A1A0-B6F57DACA9BA-1024x768.jpeg 1024w, https:\/\/www.michelebalin.it\/wp-content\/uploads\/2026\/08\/D40668E0-0DED-4A1E-A1A0-B6F57DACA9BA-300x225.jpeg 300w, https:\/\/www.michelebalin.it\/wp-content\/uploads\/2026\/08\/D40668E0-0DED-4A1E-A1A0-B6F57DACA9BA-768x576.jpeg 768w, https:\/\/www.michelebalin.it\/wp-content\/uploads\/2026\/08\/D40668E0-0DED-4A1E-A1A0-B6F57DACA9BA-1536x1152.jpeg 1536w, https:\/\/www.michelebalin.it\/wp-content\/uploads\/2026\/08\/D40668E0-0DED-4A1E-A1A0-B6F57DACA9BA-2048x1536.jpeg 2048w\" sizes=\"(max-width: 1024px) 100vw, 1024px\" \/>\t\t\t\t\t\t\t\t\t\t\t\t\t\t\t<\/div>\n\t\t\t\t<\/div>\n\t\t<div class=\"elementor-element elementor-element-9523210 e-con-full e-flex e-con e-child\" data-id=\"9523210\" data-element_type=\"container\" data-e-type=\"container\">\n\t\t\t\t<div class=\"elementor-element elementor-element-ef45fb1 elementor-widget elementor-widget-text-editor\" data-id=\"ef45fb1\" data-element_type=\"widget\" data-e-type=\"widget\" data-widget_type=\"text-editor.default\">\n\t\t\t\t<div class=\"elementor-widget-container\">\n\t\t\t\t\t\t\t\t\t<p>Il mio studio \u00e8 uno spazio interamente dedicato alla musica, pensato per offrire un ambiente confortevole e professionale sia durante le <strong>lezioni di batteria<\/strong> sia nelle attivit\u00e0 di <strong>registrazione e mixaggio<\/strong>.<\/p><p>Lo studio \u00e8 <strong>insonorizzato<\/strong> e l&#8217;ambiente \u00e8 stato curato per garantire un ascolto piacevole e definito. Qui registro abitualmente la mia batteria, realizzo registrazioni con altri musicisti e artisti e lavoro al mix dei miei brani e delle mie produzioni.<\/p>\t\t\t\t\t\t\t\t<\/div>\n\t\t\t\t<\/div>\n\t\t\t\t<\/div>\n\t\t\t\t\t<\/div>\n\t\t\t\t<\/div>\n\t\t<div class=\"elementor-element elementor-element-ee00c03 e-flex e-con-boxed e-con e-parent\" data-id=\"ee00c03\" data-element_type=\"container\" data-e-type=\"container\">\n\t\t\t\t\t<div class=\"e-con-inner\">\n\t\t\t\t<div class=\"elementor-element elementor-element-6b8103c elementor-widget__width-initial elementor-widget elementor-widget-image\" data-id=\"6b8103c\" data-element_type=\"widget\" data-e-type=\"widget\" data-widget_type=\"image.default\">\n\t\t\t\t<div class=\"elementor-widget-container\">\n\t\t\t\t\t\t\t\t\t\t\t\t\t\t\t<img decoding=\"async\" width=\"768\" height=\"1024\" src=\"https:\/\/www.michelebalin.it\/wp-content\/uploads\/2026\/08\/83E895F4-925F-4535-BE54-2005EB41BDCA-768x1024.jpeg\" class=\"attachment-large size-large wp-image-6930\" alt=\"Batteria Gretsch Broadkaster\" srcset=\"https:\/\/www.michelebalin.it\/wp-content\/uploads\/2026\/08\/83E895F4-925F-4535-BE54-2005EB41BDCA-768x1024.jpeg 768w, https:\/\/www.michelebalin.it\/wp-content\/uploads\/2026\/08\/83E895F4-925F-4535-BE54-2005EB41BDCA-225x300.jpeg 225w, https:\/\/www.michelebalin.it\/wp-content\/uploads\/2026\/08\/83E895F4-925F-4535-BE54-2005EB41BDCA-1152x1536.jpeg 1152w, https:\/\/www.michelebalin.it\/wp-content\/uploads\/2026\/08\/83E895F4-925F-4535-BE54-2005EB41BDCA-1536x2048.jpeg 1536w, https:\/\/www.michelebalin.it\/wp-content\/uploads\/2026\/08\/83E895F4-925F-4535-BE54-2005EB41BDCA-scaled.jpeg 1920w\" sizes=\"(max-width: 768px) 100vw, 768px\" \/>\t\t\t\t\t\t\t\t\t\t\t\t\t\t\t<\/div>\n\t\t\t\t<\/div>\n\t\t<div class=\"elementor-element elementor-element-0151106 e-con-full e-flex e-con e-child\" data-id=\"0151106\" data-element_type=\"container\" data-e-type=\"container\">\n\t\t\t\t<div class=\"elementor-element elementor-element-f8d3e5b elementor-widget elementor-widget-heading\" data-id=\"f8d3e5b\" data-element_type=\"widget\" data-e-type=\"widget\" data-widget_type=\"heading.default\">\n\t\t\t\t<div class=\"elementor-widget-container\">\n\t\t\t\t\t<h2 class=\"elementor-heading-title elementor-size-default\">Uno spazio pensato per le lezioni<\/h2>\t\t\t\t<\/div>\n\t\t\t\t<\/div>\n\t\t\t\t<div class=\"elementor-element elementor-element-38bd860 elementor-widget elementor-widget-text-editor\" data-id=\"38bd860\" data-element_type=\"widget\" data-e-type=\"widget\" data-widget_type=\"text-editor.default\">\n\t\t\t\t<div class=\"elementor-widget-container\">\n\t\t\t\t\t\t\t\t\t<p>Durante le lezioni voglio che tutto sia immediato e pratico. Oltre alla batteria, lo studio dispone di un TV da 40 pollici, che utilizzo per visualizzare spartiti, esercizi, basi, materiali didattici e PDF direttamente durante la lezione.<\/p><p>Questo permette di alternare facilmente la parte pratica alla spiegazione, ascoltare brani e analizzare insieme groove, parti di batteria e arrangiamenti.<\/p><p>Lo studio non \u00e8 dedicato esclusivamente alla batteria. Sono presenti anche un pianoforte digitale a 88 tasti pesati, un set completo di percussioni e un microfono utilizzabile per la registrazione della voce e di altri strumenti.<\/p><p>Il cuore dello studio \u00e8 la mia <strong>Gretsch Broadkaster<\/strong>, utilizzata sia per le lezioni sia per le registrazioni.<\/p><p>Accanto alla batteria \u00e8 disponibile un set di percussioni professionali composto da:<\/p><ul data-spread=\"false\"><li><strong>Congas Meinl Luis Conte<\/strong><\/li><li><strong>Bongos Meinl Luis Conte<\/strong><\/li><li><strong>Timbales Meinl Diego Camacho Signature<\/strong><\/li><\/ul>\t\t\t\t\t\t\t\t<\/div>\n\t\t\t\t<\/div>\n\t\t\t\t<\/div>\n\t\t\t\t\t<\/div>\n\t\t\t\t<\/div>\n\t\t<div class=\"elementor-element elementor-element-1d90c18 e-flex e-con-boxed e-con e-parent\" data-id=\"1d90c18\" data-element_type=\"container\" data-e-type=\"container\">\n\t\t\t\t\t<div class=\"e-con-inner\">\n\t\t\t\t<div class=\"elementor-element elementor-element-01f7a77 elementor-widget__width-initial elementor-widget elementor-widget-image\" data-id=\"01f7a77\" data-element_type=\"widget\" data-e-type=\"widget\" data-widget_type=\"image.default\">\n\t\t\t\t<div class=\"elementor-widget-container\">\n\t\t\t\t\t\t\t\t\t\t\t\t\t\t\t<img decoding=\"async\" width=\"768\" height=\"1024\" src=\"https:\/\/www.michelebalin.it\/wp-content\/uploads\/2026\/08\/36FC6519-473C-484A-B9B7-4DF3F68B6F0F-768x1024.jpeg\" class=\"attachment-large size-large wp-image-6931\" alt=\"Dynaudio Air 15\" srcset=\"https:\/\/www.michelebalin.it\/wp-content\/uploads\/2026\/08\/36FC6519-473C-484A-B9B7-4DF3F68B6F0F-768x1024.jpeg 768w, https:\/\/www.michelebalin.it\/wp-content\/uploads\/2026\/08\/36FC6519-473C-484A-B9B7-4DF3F68B6F0F-225x300.jpeg 225w, https:\/\/www.michelebalin.it\/wp-content\/uploads\/2026\/08\/36FC6519-473C-484A-B9B7-4DF3F68B6F0F-1152x1536.jpeg 1152w, https:\/\/www.michelebalin.it\/wp-content\/uploads\/2026\/08\/36FC6519-473C-484A-B9B7-4DF3F68B6F0F-1536x2048.jpeg 1536w, https:\/\/www.michelebalin.it\/wp-content\/uploads\/2026\/08\/36FC6519-473C-484A-B9B7-4DF3F68B6F0F-scaled.jpeg 1920w\" sizes=\"(max-width: 768px) 100vw, 768px\" \/>\t\t\t\t\t\t\t\t\t\t\t\t\t\t\t<\/div>\n\t\t\t\t<\/div>\n\t\t<div class=\"elementor-element elementor-element-16137bd e-con-full e-flex e-con e-child\" data-id=\"16137bd\" data-element_type=\"container\" data-e-type=\"container\">\n\t\t\t\t<div class=\"elementor-element elementor-element-2a03573 elementor-widget elementor-widget-heading\" data-id=\"2a03573\" data-element_type=\"widget\" data-e-type=\"widget\" data-widget_type=\"heading.default\">\n\t\t\t\t<div class=\"elementor-widget-container\">\n\t\t\t\t\t<h2 class=\"elementor-heading-title elementor-size-default\">Registrazione, ascolto e mix<\/h2>\t\t\t\t<\/div>\n\t\t\t\t<\/div>\n\t\t\t\t<div class=\"elementor-element elementor-element-2977545 elementor-widget elementor-widget-text-editor\" data-id=\"2977545\" data-element_type=\"widget\" data-e-type=\"widget\" data-widget_type=\"text-editor.default\">\n\t\t\t\t<div class=\"elementor-widget-container\">\n\t\t\t\t\t\t\t\t\t<p class=\"isSelectedEnd\">Lo studio \u00e8 anche il luogo in cui registro e lavoro sulla produzione musicale.<\/p><p class=\"isSelectedEnd\">Il sistema di ascolto \u00e8 affidato a monitor professionali <strong>Dynaudio AIR 15<\/strong>, mentre per la registrazione utilizzo un&#8217;interfaccia audio <strong>Antelope Audio Discrete 8 Pro Synergy Core<\/strong>.<\/p><p class=\"isSelectedEnd\">Questa configurazione mi permette di utilizzare lo stesso ambiente sia per registrare strumenti acustici e voce sia per ascoltare e mixare il materiale registrato.<\/p><p>Per me lo studio non \u00e8 quindi soltanto uno spazio dedicato alle lezioni, ma un ambiente in cui <strong>suonare, studiare, registrare e lavorare concretamente sulla musica<\/strong>.<\/p>\t\t\t\t\t\t\t\t<\/div>\n\t\t\t\t<\/div>\n\t\t\t\t<\/div>\n\t\t\t\t\t<\/div>\n\t\t\t\t<\/div>\n\t\t\t\t<\/div>","protected":false},"excerpt":{"rendered":"<p>lo studio Il mio studio \u00e8 uno spazio interamente dedicato alla musica, pensato per offrire un ambiente confortevole e professionale sia durante le lezioni di batteria sia nelle attivit\u00e0 di registrazione e mixaggio. Lo studio \u00e8 insonorizzato e l&#8217;ambiente \u00e8 stato curato per garantire un ascolto piacevole e definito. Qui registro abitualmente la mia batteria, [&hellip;]<\/p>\n","protected":false},"author":1,"featured_media":3825,"parent":0,"menu_order":0,"comment_status":"closed","ping_status":"closed","template":"","meta":{"_monsterinsights_skip_tracking":false,"footnotes":""},"class_list":["post-2239","page","type-page","status-publish","has-post-thumbnail","hentry"],"blocksy_meta":[],"aioseo_notices":[],"aioseo_head":"\n\t\t<!-- All in One SEO 4.9.10 - aioseo.com -->\n\t<meta name=\"description\" content=\"lo studio Home \u00bb Lo studio Il mio studio \u00e8 uno spazio interamente dedicato alla musica, pensato per offrire un ambiente confortevole e professionale sia durante le lezioni di batteria sia nelle attivit\u00e0 di registrazione e mixaggio.Lo studio \u00e8 insonorizzato e l\u2019ambiente \u00e8 stato curato per garantire un ascolto piacevole e definito. Qui registro abitualmente\" \/>\n\t<meta name=\"robots\" content=\"max-image-preview:large\" \/>\n\t<link rel=\"canonical\" href=\"https:\/\/www.michelebalin.it\/en\/lo-studio-di-registrazione\/\" \/>\n\t<meta name=\"generator\" content=\"All in One SEO (AIOSEO) 4.9.10\" \/>\n\t\t<meta property=\"og:locale\" content=\"en_US\" \/>\n\t\t<meta property=\"og:site_name\" content=\"Michele Balin | Batterista - Batterista a Padova\" \/>\n\t\t<meta property=\"og:type\" content=\"article\" \/>\n\t\t<meta property=\"og:title\" content=\"Lo studio - Michele Balin | Batterista\" \/>\n\t\t<meta property=\"og:description\" content=\"lo studio Home \u00bb Lo studio Il mio studio \u00e8 uno spazio interamente dedicato alla musica, pensato per offrire un ambiente confortevole e professionale sia durante le lezioni di batteria sia nelle attivit\u00e0 di registrazione e mixaggio.Lo studio \u00e8 insonorizzato e l\u2019ambiente \u00e8 stato curato per garantire un ascolto piacevole e definito. Qui registro abitualmente\" \/>\n\t\t<meta property=\"og:url\" content=\"https:\/\/www.michelebalin.it\/en\/lo-studio-di-registrazione\/\" \/>\n\t\t<meta property=\"og:image\" content=\"https:\/\/www.michelebalin.it\/wp-content\/uploads\/2024\/10\/unnamed-3-scaled.jpg\" \/>\n\t\t<meta property=\"og:image:secure_url\" content=\"https:\/\/www.michelebalin.it\/wp-content\/uploads\/2024\/10\/unnamed-3-scaled.jpg\" \/>\n\t\t<meta property=\"og:image:width\" content=\"2560\" \/>\n\t\t<meta property=\"og:image:height\" content=\"1920\" \/>\n\t\t<meta property=\"article:published_time\" content=\"2024-08-08T10:14:04+00:00\" \/>\n\t\t<meta property=\"article:modified_time\" content=\"2026-08-19T08:59:53+00:00\" \/>\n\t\t<meta name=\"twitter:card\" content=\"summary_large_image\" \/>\n\t\t<meta name=\"twitter:title\" content=\"Lo studio - Michele Balin | Batterista\" \/>\n\t\t<meta name=\"twitter:description\" content=\"lo studio Home \u00bb Lo studio Il mio studio \u00e8 uno spazio interamente dedicato alla musica, pensato per offrire un ambiente confortevole e professionale sia durante le lezioni di batteria sia nelle attivit\u00e0 di registrazione e mixaggio.Lo studio \u00e8 insonorizzato e l\u2019ambiente \u00e8 stato curato per garantire un ascolto piacevole e definito. Qui registro abitualmente\" \/>\n\t\t<meta name=\"twitter:image\" content=\"https:\/\/www.michelebalin.it\/wp-content\/uploads\/2024\/10\/1BF9778D-A1F6-4805-9054-69649042D6AC.jpeg\" \/>\n\t\t<script type=\"application\/ld+json\" class=\"aioseo-schema\">\n\t\t\t{\"@context\":\"https:\\\/\\\/schema.org\",\"@graph\":[{\"@type\":\"BreadcrumbList\",\"@id\":\"https:\\\/\\\/www.michelebalin.it\\\/en\\\/lo-studio-di-registrazione\\\/#breadcrumblist\",\"itemListElement\":[{\"@type\":\"ListItem\",\"@id\":\"https:\\\/\\\/www.michelebalin.it\\\/en#listItem\",\"position\":1,\"name\":\"Home\",\"item\":\"https:\\\/\\\/www.michelebalin.it\\\/en\",\"nextItem\":{\"@type\":\"ListItem\",\"@id\":\"https:\\\/\\\/www.michelebalin.it\\\/en\\\/lo-studio-di-registrazione\\\/#listItem\",\"name\":\"Lo studio\"}},{\"@type\":\"ListItem\",\"@id\":\"https:\\\/\\\/www.michelebalin.it\\\/en\\\/lo-studio-di-registrazione\\\/#listItem\",\"position\":2,\"name\":\"Lo studio\",\"previousItem\":{\"@type\":\"ListItem\",\"@id\":\"https:\\\/\\\/www.michelebalin.it\\\/en#listItem\",\"name\":\"Home\"}}]},{\"@type\":\"Person\",\"@id\":\"https:\\\/\\\/www.michelebalin.it\\\/en\\\/#person\",\"name\":\"Michele Balin\",\"image\":{\"@type\":\"ImageObject\",\"@id\":\"https:\\\/\\\/www.michelebalin.it\\\/en\\\/lo-studio-di-registrazione\\\/#personImage\",\"url\":\"https:\\\/\\\/secure.gravatar.com\\\/avatar\\\/2227a992c2fd58439f8afd90239d66c7c6b2f4f32e8c9099e3a5bb4867c2f107?s=96&d=mm&r=g\",\"width\":96,\"height\":96,\"caption\":\"Michele Balin\"}},{\"@type\":\"WebPage\",\"@id\":\"https:\\\/\\\/www.michelebalin.it\\\/en\\\/lo-studio-di-registrazione\\\/#webpage\",\"url\":\"https:\\\/\\\/www.michelebalin.it\\\/en\\\/lo-studio-di-registrazione\\\/\",\"name\":\"Lo studio - Michele Balin | Batterista\",\"description\":\"lo studio Home \\u00bb Lo studio Il mio studio \\u00e8 uno spazio interamente dedicato alla musica, pensato per offrire un ambiente confortevole e professionale sia durante le lezioni di batteria sia nelle attivit\\u00e0 di registrazione e mixaggio.Lo studio \\u00e8 insonorizzato e l\\u2019ambiente \\u00e8 stato curato per garantire un ascolto piacevole e definito. Qui registro abitualmente\",\"inLanguage\":\"en-US\",\"isPartOf\":{\"@id\":\"https:\\\/\\\/www.michelebalin.it\\\/en\\\/#website\"},\"breadcrumb\":{\"@id\":\"https:\\\/\\\/www.michelebalin.it\\\/en\\\/lo-studio-di-registrazione\\\/#breadcrumblist\"},\"image\":{\"@type\":\"ImageObject\",\"url\":\"https:\\\/\\\/www.michelebalin.it\\\/wp-content\\\/uploads\\\/2024\\\/10\\\/unnamed-3-scaled.jpg\",\"@id\":\"https:\\\/\\\/www.michelebalin.it\\\/en\\\/lo-studio-di-registrazione\\\/#mainImage\",\"width\":2560,\"height\":1920,\"caption\":\"Home studio di registrazione\"},\"primaryImageOfPage\":{\"@id\":\"https:\\\/\\\/www.michelebalin.it\\\/en\\\/lo-studio-di-registrazione\\\/#mainImage\"},\"datePublished\":\"2024-08-08T10:14:04+00:00\",\"dateModified\":\"2026-08-19T08:59:53+00:00\"},{\"@type\":\"WebSite\",\"@id\":\"https:\\\/\\\/www.michelebalin.it\\\/en\\\/#website\",\"url\":\"https:\\\/\\\/www.michelebalin.it\\\/en\\\/\",\"name\":\"Michele Balin | Batterista\",\"description\":\"Batterista a Padova\",\"inLanguage\":\"en-US\",\"publisher\":{\"@id\":\"https:\\\/\\\/www.michelebalin.it\\\/en\\\/#person\"}}]}\n\t\t<\/script>\n\t\t<!-- All in One SEO -->\n\n","aioseo_head_json":{"title":"Lo studio - Michele Balin | Batterista","description":"lo studio Home \u00bb Lo studio Il mio studio \u00e8 uno spazio interamente dedicato alla musica, pensato per offrire un ambiente confortevole e professionale sia durante le lezioni di batteria sia nelle attivit\u00e0 di registrazione e mixaggio.Lo studio \u00e8 insonorizzato e l\u2019ambiente \u00e8 stato curato per garantire un ascolto piacevole e definito. Qui registro abitualmente","canonical_url":"https:\/\/www.michelebalin.it\/en\/lo-studio-di-registrazione\/","robots":"max-image-preview:large","keywords":"","webmasterTools":{"miscellaneous":""},"schema":{"@context":"https:\/\/schema.org","@graph":[{"@type":"BreadcrumbList","@id":"https:\/\/www.michelebalin.it\/en\/lo-studio-di-registrazione\/#breadcrumblist","itemListElement":[{"@type":"ListItem","@id":"https:\/\/www.michelebalin.it\/en#listItem","position":1,"name":"Home","item":"https:\/\/www.michelebalin.it\/en","nextItem":{"@type":"ListItem","@id":"https:\/\/www.michelebalin.it\/en\/lo-studio-di-registrazione\/#listItem","name":"Lo studio"}},{"@type":"ListItem","@id":"https:\/\/www.michelebalin.it\/en\/lo-studio-di-registrazione\/#listItem","position":2,"name":"Lo studio","previousItem":{"@type":"ListItem","@id":"https:\/\/www.michelebalin.it\/en#listItem","name":"Home"}}]},{"@type":"Person","@id":"https:\/\/www.michelebalin.it\/en\/#person","name":"Michele Balin","image":{"@type":"ImageObject","@id":"https:\/\/www.michelebalin.it\/en\/lo-studio-di-registrazione\/#personImage","url":"https:\/\/secure.gravatar.com\/avatar\/2227a992c2fd58439f8afd90239d66c7c6b2f4f32e8c9099e3a5bb4867c2f107?s=96&d=mm&r=g","width":96,"height":96,"caption":"Michele Balin"}},{"@type":"WebPage","@id":"https:\/\/www.michelebalin.it\/en\/lo-studio-di-registrazione\/#webpage","url":"https:\/\/www.michelebalin.it\/en\/lo-studio-di-registrazione\/","name":"Lo studio - Michele Balin | Batterista","description":"lo studio Home \u00bb Lo studio Il mio studio \u00e8 uno spazio interamente dedicato alla musica, pensato per offrire un ambiente confortevole e professionale sia durante le lezioni di batteria sia nelle attivit\u00e0 di registrazione e mixaggio.Lo studio \u00e8 insonorizzato e l\u2019ambiente \u00e8 stato curato per garantire un ascolto piacevole e definito. Qui registro abitualmente","inLanguage":"en-US","isPartOf":{"@id":"https:\/\/www.michelebalin.it\/en\/#website"},"breadcrumb":{"@id":"https:\/\/www.michelebalin.it\/en\/lo-studio-di-registrazione\/#breadcrumblist"},"image":{"@type":"ImageObject","url":"https:\/\/www.michelebalin.it\/wp-content\/uploads\/2024\/10\/unnamed-3-scaled.jpg","@id":"https:\/\/www.michelebalin.it\/en\/lo-studio-di-registrazione\/#mainImage","width":2560,"height":1920,"caption":"Home studio di registrazione"},"primaryImageOfPage":{"@id":"https:\/\/www.michelebalin.it\/en\/lo-studio-di-registrazione\/#mainImage"},"datePublished":"2024-08-08T10:14:04+00:00","dateModified":"2026-08-19T08:59:53+00:00"},{"@type":"WebSite","@id":"https:\/\/www.michelebalin.it\/en\/#website","url":"https:\/\/www.michelebalin.it\/en\/","name":"Michele Balin | Batterista","description":"Batterista a Padova","inLanguage":"en-US","publisher":{"@id":"https:\/\/www.michelebalin.it\/en\/#person"}}]},"og:locale":"en_US","og:site_name":"Michele Balin | Batterista - Batterista a Padova","og:type":"article","og:title":"Lo studio - Michele Balin | Batterista","og:description":"lo studio Home \u00bb Lo studio Il mio studio \u00e8 uno spazio interamente dedicato alla musica, pensato per offrire un ambiente confortevole e professionale sia durante le lezioni di batteria sia nelle attivit\u00e0 di registrazione e mixaggio.Lo studio \u00e8 insonorizzato e l\u2019ambiente \u00e8 stato curato per garantire un ascolto piacevole e definito. Qui registro abitualmente","og:url":"https:\/\/www.michelebalin.it\/en\/lo-studio-di-registrazione\/","og:image":"https:\/\/www.michelebalin.it\/wp-content\/uploads\/2024\/10\/unnamed-3-scaled.jpg","og:image:secure_url":"https:\/\/www.michelebalin.it\/wp-content\/uploads\/2024\/10\/unnamed-3-scaled.jpg","og:image:width":2560,"og:image:height":1920,"article:published_time":"2024-08-08T10:14:04+00:00","article:modified_time":"2026-08-19T08:59:53+00:00","twitter:card":"summary_large_image","twitter:title":"Lo studio - Michele Balin | Batterista","twitter:description":"lo studio Home \u00bb Lo studio Il mio studio \u00e8 uno spazio interamente dedicato alla musica, pensato per offrire un ambiente confortevole e professionale sia durante le lezioni di batteria sia nelle attivit\u00e0 di registrazione e mixaggio.Lo studio \u00e8 insonorizzato e l\u2019ambiente \u00e8 stato curato per garantire un ascolto piacevole e definito. Qui registro abitualmente","twitter:image":"https:\/\/www.michelebalin.it\/wp-content\/uploads\/2024\/10\/1BF9778D-A1F6-4805-9054-69649042D6AC.jpeg"},"aioseo_meta_data":{"post_id":"2239","title":null,"description":null,"keywords":null,"keyphrases":null,"primary_term":null,"canonical_url":null,"og_title":null,"og_description":null,"og_object_type":"default","og_image_type":"default","og_image_url":null,"og_image_width":null,"og_image_height":null,"og_image_custom_url":null,"og_image_custom_fields":null,"og_video":null,"og_custom_url":null,"og_article_section":null,"og_article_tags":null,"twitter_use_og":false,"twitter_card":"default","twitter_image_type":"default","twitter_image_url":null,"twitter_image_custom_url":null,"twitter_image_custom_fields":null,"twitter_title":null,"twitter_description":null,"schema":{"blockGraphs":[],"customGraphs":[],"default":{"data":{"Article":[],"Course":[],"Dataset":[],"FAQPage":[],"Movie":[],"Person":[],"Product":[],"ProductReview":[],"Car":[],"Recipe":[],"Service":[],"SoftwareApplication":[],"WebPage":[]},"graphName":"","isEnabled":true},"graphs":[]},"schema_type":"default","schema_type_options":null,"pillar_content":false,"robots_default":true,"robots_noindex":false,"robots_noarchive":false,"robots_nosnippet":false,"robots_nofollow":false,"robots_noimageindex":false,"robots_noodp":false,"robots_notranslate":false,"robots_max_snippet":null,"robots_max_videopreview":null,"robots_max_imagepreview":"large","priority":null,"frequency":null,"local_seo":null,"limit_modified_date":false,"created":"2025-01-10 10:21:49","updated":"2026-08-20 02:13:28","ai":null,"breadcrumb_settings":null,"seo_analyzer_scan_date":null},"aioseo_breadcrumb":"<div class=\"aioseo-breadcrumbs\"><span class=\"aioseo-breadcrumb\">\n\t\t\t<a href=\"https:\/\/www.michelebalin.it\/en\" title=\"Home\">Home<\/a>\n\t\t<\/span><span class=\"aioseo-breadcrumb-separator\">&raquo;<\/span><span class=\"aioseo-breadcrumb\">\n\t\t\tLo studio\n\t\t<\/span><\/div>","aioseo_breadcrumb_json":[{"label":"Home","link":"https:\/\/www.michelebalin.it\/en"},{"label":"Lo studio","link":"https:\/\/www.michelebalin.it\/en\/lo-studio-di-registrazione\/"}],"yoast_head":"<!-- This site is optimized with the Yoast SEO plugin v26.9 - https:\/\/yoast.com\/product\/yoast-seo-wordpress\/ -->\n<title>Lo studio - Michele Balin | Batterista<\/title>\n<meta name=\"robots\" content=\"index, follow, max-snippet:-1, max-image-preview:large, max-video-preview:-1\" \/>\n<link rel=\"canonical\" href=\"https:\/\/www.michelebalin.it\/en\/lo-studio-di-registrazione\/\" \/>\n<meta property=\"og:locale\" content=\"en_US\" \/>\n<meta property=\"og:type\" content=\"article\" \/>\n<meta property=\"og:title\" content=\"Lo studio - Michele Balin | Batterista\" \/>\n<meta property=\"og:description\" content=\"lo studio Il mio studio \u00e8 uno spazio interamente dedicato alla musica, pensato per offrire un ambiente confortevole e professionale sia durante le lezioni di batteria sia nelle attivit\u00e0 di registrazione e mixaggio. Lo studio \u00e8 insonorizzato e l&#8217;ambiente \u00e8 stato curato per garantire un ascolto piacevole e definito. Qui registro abitualmente la mia batteria, [&hellip;]\" \/>\n<meta property=\"og:url\" content=\"https:\/\/www.michelebalin.it\/en\/lo-studio-di-registrazione\/\" \/>\n<meta property=\"og:site_name\" content=\"Michele Balin | Batterista\" \/>\n<meta property=\"article:modified_time\" content=\"2026-08-19T08:59:53+00:00\" \/>\n<meta property=\"og:image\" content=\"https:\/\/www.michelebalin.it\/wp-content\/uploads\/2024\/10\/unnamed-3-scaled.jpg\" \/>\n\t<meta property=\"og:image:width\" content=\"2560\" \/>\n\t<meta property=\"og:image:height\" content=\"1920\" \/>\n\t<meta property=\"og:image:type\" content=\"image\/jpeg\" \/>\n<meta name=\"twitter:card\" content=\"summary_large_image\" \/>\n<meta name=\"twitter:label1\" content=\"Est. reading time\" \/>\n\t<meta name=\"twitter:data1\" content=\"3 minutes\" \/>\n<script type=\"application\/ld+json\" class=\"yoast-schema-graph\">{\"@context\":\"https:\/\/schema.org\",\"@graph\":[{\"@type\":\"WebPage\",\"@id\":\"https:\/\/www.michelebalin.it\/lo-studio-di-registrazione\/\",\"url\":\"https:\/\/www.michelebalin.it\/lo-studio-di-registrazione\/\",\"name\":\"Lo studio - Michele Balin | Batterista\",\"isPartOf\":{\"@id\":\"https:\/\/www.michelebalin.it\/#website\"},\"primaryImageOfPage\":{\"@id\":\"https:\/\/www.michelebalin.it\/lo-studio-di-registrazione\/#primaryimage\"},\"image\":{\"@id\":\"https:\/\/www.michelebalin.it\/lo-studio-di-registrazione\/#primaryimage\"},\"thumbnailUrl\":\"https:\/\/www.michelebalin.it\/wp-content\/uploads\/2024\/10\/unnamed-3-scaled.jpg\",\"datePublished\":\"2024-08-08T10:14:04+00:00\",\"dateModified\":\"2026-08-19T08:59:53+00:00\",\"breadcrumb\":{\"@id\":\"https:\/\/www.michelebalin.it\/lo-studio-di-registrazione\/#breadcrumb\"},\"inLanguage\":\"en-US\",\"potentialAction\":[{\"@type\":\"ReadAction\",\"target\":[\"https:\/\/www.michelebalin.it\/lo-studio-di-registrazione\/\"]}]},{\"@type\":\"ImageObject\",\"inLanguage\":\"en-US\",\"@id\":\"https:\/\/www.michelebalin.it\/lo-studio-di-registrazione\/#primaryimage\",\"url\":\"https:\/\/www.michelebalin.it\/wp-content\/uploads\/2024\/10\/unnamed-3-scaled.jpg\",\"contentUrl\":\"https:\/\/www.michelebalin.it\/wp-content\/uploads\/2024\/10\/unnamed-3-scaled.jpg\",\"width\":2560,\"height\":1920,\"caption\":\"Home studio di registrazione\"},{\"@type\":\"BreadcrumbList\",\"@id\":\"https:\/\/www.michelebalin.it\/lo-studio-di-registrazione\/#breadcrumb\",\"itemListElement\":[{\"@type\":\"ListItem\",\"position\":1,\"name\":\"Home\",\"item\":\"https:\/\/www.michelebalin.it\/\"},{\"@type\":\"ListItem\",\"position\":2,\"name\":\"Lo studio\"}]},{\"@type\":\"WebSite\",\"@id\":\"https:\/\/www.michelebalin.it\/#website\",\"url\":\"https:\/\/www.michelebalin.it\/\",\"name\":\"Michele Balin | Batterista\",\"description\":\"Batterista a Padova\",\"publisher\":{\"@id\":\"https:\/\/www.michelebalin.it\/#\/schema\/person\/8855529bb15c2931c5ebfe05aa9bc604\"},\"potentialAction\":[{\"@type\":\"SearchAction\",\"target\":{\"@type\":\"EntryPoint\",\"urlTemplate\":\"https:\/\/www.michelebalin.it\/?s={search_term_string}\"},\"query-input\":{\"@type\":\"PropertyValueSpecification\",\"valueRequired\":true,\"valueName\":\"search_term_string\"}}],\"inLanguage\":\"en-US\"},{\"@type\":[\"Person\",\"Organization\"],\"@id\":\"https:\/\/www.michelebalin.it\/#\/schema\/person\/8855529bb15c2931c5ebfe05aa9bc604\",\"name\":\"Michele Balin\",\"image\":{\"@type\":\"ImageObject\",\"inLanguage\":\"en-US\",\"@id\":\"https:\/\/www.michelebalin.it\/#\/schema\/person\/image\/\",\"url\":\"https:\/\/www.michelebalin.it\/wp-content\/uploads\/2024\/10\/Michele-Balin-8-1.png\",\"contentUrl\":\"https:\/\/www.michelebalin.it\/wp-content\/uploads\/2024\/10\/Michele-Balin-8-1.png\",\"width\":500,\"height\":168,\"caption\":\"Michele Balin\"},\"logo\":{\"@id\":\"https:\/\/www.michelebalin.it\/#\/schema\/person\/image\/\"},\"sameAs\":[\"https:\/\/www.michelebalin.it\"]}]}<\/script>\n<!-- \/ Yoast SEO plugin. -->","yoast_head_json":{"title":"Lo studio - Michele Balin | Batterista","robots":{"index":"index","follow":"follow","max-snippet":"max-snippet:-1","max-image-preview":"max-image-preview:large","max-video-preview":"max-video-preview:-1"},"canonical":"https:\/\/www.michelebalin.it\/en\/lo-studio-di-registrazione\/","og_locale":"en_US","og_type":"article","og_title":"Lo studio - Michele Balin | Batterista","og_description":"lo studio Il mio studio \u00e8 uno spazio interamente dedicato alla musica, pensato per offrire un ambiente confortevole e professionale sia durante le lezioni di batteria sia nelle attivit\u00e0 di registrazione e mixaggio. Lo studio \u00e8 insonorizzato e l&#8217;ambiente \u00e8 stato curato per garantire un ascolto piacevole e definito. Qui registro abitualmente la mia batteria, [&hellip;]","og_url":"https:\/\/www.michelebalin.it\/en\/lo-studio-di-registrazione\/","og_site_name":"Michele Balin | Batterista","article_modified_time":"2026-08-19T08:59:53+00:00","og_image":[{"width":2560,"height":1920,"url":"https:\/\/www.michelebalin.it\/wp-content\/uploads\/2024\/10\/unnamed-3-scaled.jpg","type":"image\/jpeg"}],"twitter_card":"summary_large_image","twitter_misc":{"Est. reading time":"3 minutes"},"schema":{"@context":"https:\/\/schema.org","@graph":[{"@type":"WebPage","@id":"https:\/\/www.michelebalin.it\/lo-studio-di-registrazione\/","url":"https:\/\/www.michelebalin.it\/lo-studio-di-registrazione\/","name":"Lo studio - Michele Balin | Batterista","isPartOf":{"@id":"https:\/\/www.michelebalin.it\/#website"},"primaryImageOfPage":{"@id":"https:\/\/www.michelebalin.it\/lo-studio-di-registrazione\/#primaryimage"},"image":{"@id":"https:\/\/www.michelebalin.it\/lo-studio-di-registrazione\/#primaryimage"},"thumbnailUrl":"https:\/\/www.michelebalin.it\/wp-content\/uploads\/2024\/10\/unnamed-3-scaled.jpg","datePublished":"2024-08-08T10:14:04+00:00","dateModified":"2026-08-19T08:59:53+00:00","breadcrumb":{"@id":"https:\/\/www.michelebalin.it\/lo-studio-di-registrazione\/#breadcrumb"},"inLanguage":"en-US","potentialAction":[{"@type":"ReadAction","target":["https:\/\/www.michelebalin.it\/lo-studio-di-registrazione\/"]}]},{"@type":"ImageObject","inLanguage":"en-US","@id":"https:\/\/www.michelebalin.it\/lo-studio-di-registrazione\/#primaryimage","url":"https:\/\/www.michelebalin.it\/wp-content\/uploads\/2024\/10\/unnamed-3-scaled.jpg","contentUrl":"https:\/\/www.michelebalin.it\/wp-content\/uploads\/2024\/10\/unnamed-3-scaled.jpg","width":2560,"height":1920,"caption":"Home studio di registrazione"},{"@type":"BreadcrumbList","@id":"https:\/\/www.michelebalin.it\/lo-studio-di-registrazione\/#breadcrumb","itemListElement":[{"@type":"ListItem","position":1,"name":"Home","item":"https:\/\/www.michelebalin.it\/"},{"@type":"ListItem","position":2,"name":"Lo studio"}]},{"@type":"WebSite","@id":"https:\/\/www.michelebalin.it\/#website","url":"https:\/\/www.michelebalin.it\/","name":"Michele Balin | Batterista","description":"Batterista a Padova","publisher":{"@id":"https:\/\/www.michelebalin.it\/#\/schema\/person\/8855529bb15c2931c5ebfe05aa9bc604"},"potentialAction":[{"@type":"SearchAction","target":{"@type":"EntryPoint","urlTemplate":"https:\/\/www.michelebalin.it\/?s={search_term_string}"},"query-input":{"@type":"PropertyValueSpecification","valueRequired":true,"valueName":"search_term_string"}}],"inLanguage":"en-US"},{"@type":["Person","Organization"],"@id":"https:\/\/www.michelebalin.it\/#\/schema\/person\/8855529bb15c2931c5ebfe05aa9bc604","name":"Michele Balin","image":{"@type":"ImageObject","inLanguage":"en-US","@id":"https:\/\/www.michelebalin.it\/#\/schema\/person\/image\/","url":"https:\/\/www.michelebalin.it\/wp-content\/uploads\/2024\/10\/Michele-Balin-8-1.png","contentUrl":"https:\/\/www.michelebalin.it\/wp-content\/uploads\/2024\/10\/Michele-Balin-8-1.png","width":500,"height":168,"caption":"Michele Balin"},"logo":{"@id":"https:\/\/www.michelebalin.it\/#\/schema\/person\/image\/"},"sameAs":["https:\/\/www.michelebalin.it"]}]}},"_links":{"self":[{"href":"https:\/\/www.michelebalin.it\/en\/wp-json\/wp\/v2\/pages\/2239","targetHints":{"allow":["GET"]}}],"collection":[{"href":"https:\/\/www.michelebalin.it\/en\/wp-json\/wp\/v2\/pages"}],"about":[{"href":"https:\/\/www.michelebalin.it\/en\/wp-json\/wp\/v2\/types\/page"}],"author":[{"embeddable":true,"href":"https:\/\/www.michelebalin.it\/en\/wp-json\/wp\/v2\/users\/1"}],"replies":[{"embeddable":true,"href":"https:\/\/www.michelebalin.it\/en\/wp-json\/wp\/v2\/comments?post=2239"}],"version-history":[{"count":121,"href":"https:\/\/www.michelebalin.it\/en\/wp-json\/wp\/v2\/pages\/2239\/revisions"}],"predecessor-version":[{"id":6945,"href":"https:\/\/www.michelebalin.it\/en\/wp-json\/wp\/v2\/pages\/2239\/revisions\/6945"}],"wp:featuredmedia":[{"embeddable":true,"href":"https:\/\/www.michelebalin.it\/en\/wp-json\/wp\/v2\/media\/3825"}],"wp:attachment":[{"href":"https:\/\/www.michelebalin.it\/en\/wp-json\/wp\/v2\/media?parent=2239"}],"curies":[{"name":"wp","href":"https:\/\/api.w.org\/{rel}","templated":true}]}}